{"version":"1.0","provider_name":"Immo Chrysalide","provider_url":"https:\/\/www.immochrysalide.be\/en\/","author_name":"Tamara Debriemaeker","author_url":"https:\/\/www.immochrysalide.be\/en\/author\/tamara-debriemaeker\/","title":"Immo Chrysalide - 7016561 (1020) - Bien immobilier, 2 chambres, 90 m\u00b2 - Faire offre \u00e0pd 235.000 \u20ac","type":"rich","width":600,"height":338,"html":"<blockquote class=\"wp-embedded-content\" data-secret=\"Ij57ytFCzK\"><a href=\"https:\/\/www.immochrysalide.be\/en\/bien\/a2-4\/\">7016561 (1020) &#8211; Bien immobilier, 2 chambres, 90 m\u00b2 &#8211; Faire offre \u00e0pd 235.000 \u20ac<\/a><\/blockquote><iframe sandbox=\"allow-scripts\" security=\"restricted\" src=\"https:\/\/www.immochrysalide.be\/en\/bien\/a2-4\/embed\/#?secret=Ij57ytFCzK\" width=\"600\" height=\"338\" title=\"&#8220;7016561 (1020) &#8211; Bien immobilier, 2 chambres, 90 m\u00b2 &#8211; Faire offre \u00e0pd 235.000 \u20ac&#8221; &#8212; Immo Chrysalide\" data-secret=\"Ij57ytFCzK\" frameborder=\"0\" marginwidth=\"0\" marginheight=\"0\" scrolling=\"no\" class=\"wp-embedded-content\"><\/iframe><script type=\"text\/javascript\">\n\/* <![CDATA[ *\/\n\/*! This file is auto-generated *\/\n!function(d,l){\"use strict\";l.querySelector&&d.addEventListener&&\"undefined\"!=typeof URL&&(d.wp=d.wp||{},d.wp.receiveEmbedMessage||(d.wp.receiveEmbedMessage=function(e){var t=e.data;if((t||t.secret||t.message||t.value)&&!\/[^a-zA-Z0-9]\/.test(t.secret)){for(var s,r,n,a=l.querySelectorAll('iframe[data-secret=\"'+t.secret+'\"]'),o=l.querySelectorAll('blockquote[data-secret=\"'+t.secret+'\"]'),c=new RegExp(\"^https?:$\",\"i\"),i=0;i<o.length;i++)o[i].style.display=\"none\";for(i=0;i<a.length;i++)s=a[i],e.source===s.contentWindow&&(s.removeAttribute(\"style\"),\"height\"===t.message?(1e3<(r=parseInt(t.value,10))?r=1e3:~~r<200&&(r=200),s.height=r):\"link\"===t.message&&(r=new URL(s.getAttribute(\"src\")),n=new URL(t.value),c.test(n.protocol))&&n.host===r.host&&l.activeElement===s&&(d.top.location.href=t.value))}},d.addEventListener(\"message\",d.wp.receiveEmbedMessage,!1),l.addEventListener(\"DOMContentLoaded\",function(){for(var e,t,s=l.querySelectorAll(\"iframe.wp-embedded-content\"),r=0;r<s.length;r++)(t=(e=s[r]).getAttribute(\"data-secret\"))||(t=Math.random().toString(36).substring(2,12),e.src+=\"#?secret=\"+t,e.setAttribute(\"data-secret\",t)),e.contentWindow.postMessage({message:\"ready\",secret:t},\"*\")},!1)))}(window,document);\n\/\/# sourceURL=https:\/\/www.immochrysalide.be\/wp-includes\/js\/wp-embed.min.js\n\/* ]]> *\/\n<\/script>\n","thumbnail_url":"https:\/\/www.immochrysalide.be\/wp-content\/uploads\/2025\/07\/151d86c610524fcc947094602cec9f60-1.jpg","thumbnail_width":640,"thumbnail_height":480,"description":"Id\u00e9alement situ\u00e9 en face du Domaine Royale de Laeken et longeant le fabuleux projet &#8220;Parkway 21&#8221; visant \u00e0 transformer cet axe de circulation en int\u00e9gration urbaine et environnementale, am\u00e9liorant le cadre de vie des riverains ainsi que la s\u00e9curit\u00e9 routi\u00e8re tout en favorisant la mobilit\u00e9 douce. Au 3\u00e8me \u00e9tage (sur titre 2\u00e8me \u00e9tage) d&#8217;une petite [&hellip;]"}